{"id":678,"date":"2024-12-22T17:50:14","date_gmt":"2024-12-22T20:50:14","guid":{"rendered":"https:\/\/www.pgcardiologiausp.com.br\/?page_id=678"},"modified":"2025-06-04T13:49:56","modified_gmt":"2025-06-04T16:49:56","slug":"egressos-e-teses-2024","status":"publish","type":"page","link":"https:\/\/www.pgcardiologiausp.com.br\/es\/o-programa\/egressos\/egressos-e-teses-2024\/","title":{"rendered":"Postgrados y Tesis 2024"},"content":{"rendered":"<p class=\"qtranxs-available-languages-message qtranxs-available-languages-message-es\">Disculpa, pero esta entrada est\u00e1 disponible s\u00f3lo en <a href=\"https:\/\/www.pgcardiologiausp.com.br\/pb\/wp-json\/wp\/v2\/pages\/678\" class=\"qtranxs-available-language-link qtranxs-available-language-link-pb\" title=\"Portugu\u00eas\">Portugu\u00eas<\/a>.<\/p>\n<h3>2024<\/h3>\n<p>&nbsp;<\/p>\n<p><strong><a href=\"http:\/\/lattes.cnpq.br\/7240114745055463\"><strong>Vinicius Bocchino Seleme <\/strong><\/a><br \/>\n<\/strong>Orientador(a): Dr. Carlos Augusto Homem de Magalh\u00e3es Campos<br \/>\nData da Defesa: 17\/12\/2024<br \/>\nT\u00edtulo da Tese: \u00abImpacto do c\u00e2ncer para carga ateroscler\u00f3tica e complexidade anat\u00f4mica coron\u00e1ria na presen\u00e7a de S\u00edndromes Coron\u00e1rias Agudas\u00bb <a href=\"https:\/\/www.pgcardiologiausp.com.br\/wp-content\/uploads\/2024\/12\/VINICIUS_BOCCHINO_SELEME.pdf\" target=\"_blank\" rel=\"noopener\">Tese <\/a><\/p>\n<hr \/>\n<p><strong><a href=\"http:\/\/lattes.cnpq.br\/4754788876566791\"><strong>Klecius Leite Fernandes <\/strong><\/a><br \/>\n<\/strong>Orientador(a): Prof. Dr. Luiz Aparecido Bortolotto<br \/>\nData da Defesa: 16\/12\/2024<br \/>\nT\u00edtulo da Tese: \u00abAvalia\u00e7\u00e3o das altera\u00e7\u00f5es das propriedades estruturais e funcionais do cora\u00e7\u00e3o em pacientes com hiperparatireoidismo secund\u00e1rio \u00e0 doen\u00e7a renal cr\u00f4nica em terapia de hemodi\u00e1lise\u00bb <a href=\"https:\/\/www.pgcardiologiausp.com.br\/wp-content\/uploads\/2024\/12\/KLECIUS_LEITE_FERNANDES.pdf\" target=\"_blank\" rel=\"noopener\">Tese <\/a><\/p>\n<hr \/>\n<p><strong><a href=\"http:\/\/lattes.cnpq.br\/5749744315265255\"><strong>Diego Moraes de Moura<\/strong><\/a><br \/>\n<\/strong>Orientador(a): Prof. Dr. Fabio Fernandes<br \/>\nData da Defesa: 13\/12\/2024<br \/>\nT\u00edtulo da Tese: \u00abO uso da galectina-3 no diagn\u00f3stico de acometimento card\u00edaco em pacientes com sarcoidose sist\u00eamica\u00bb <a href=\"https:\/\/www.pgcardiologiausp.com.br\/wp-content\/uploads\/2024\/12\/DIEGO_MORAES_DE_MOURA.pdf\" target=\"_blank\" rel=\"noopener\">Tese <\/a><\/p>\n<hr \/>\n<p><strong><a href=\"http:\/\/lattes.cnpq.br\/6597716837347241\"><strong>Eduardo Martelli Moreira <\/strong><\/a><br \/>\n<\/strong>Orientador(a): Prof. Dr. Carlos Vicente Serrano Junior<br \/>\nData da Defesa: 12\/12\/2024<br \/>\nT\u00edtulo da Tese: \u00abMortalidade geral e espec\u00edfica em cinco anos de pacientes submetidos a cirurgia de revasculariza\u00e7\u00e3o mioc\u00e1rdica em centro terci\u00e1rio : um estudo de coorte retrospectivo\u00bb <a href=\"https:\/\/www.pgcardiologiausp.com.br\/wp-content\/uploads\/2024\/12\/EDUARDO_MARTELLI_MOREIRA.pdf\" target=\"_blank\" rel=\"noopener\">Tese <\/a><\/p>\n<hr \/>\n<p><strong><a href=\"http:\/\/lattes.cnpq.br\/9290574585421405\"><strong>Adriana de Freitas Torres <\/strong><\/a><br \/>\n<\/strong>Orientador(a): Prof. Dr. Roberto Kalil Filho<br \/>\nData da Defesa: 09\/12\/2024<br \/>\nT\u00edtulo da Tese: \u00abAvalia\u00e7\u00e3o da cardiotoxicidade subcl\u00ednica em sobreviventes ao c\u00e2ncer de mama expostas ao tratamento com antraciclina e\/ou trastuzumabe\u00bb <a href=\"https:\/\/www.pgcardiologiausp.com.br\/wp-content\/uploads\/2024\/12\/ADRIANA_DE_FREITAS_TORRES.pdf\" target=\"_blank\" rel=\"noopener\">Tese <\/a><\/p>\n<hr \/>\n<p><strong><a href=\"http:\/\/lattes.cnpq.br\/4201303394465918\"><strong>Tatiana Teixeira Gomes <\/strong><\/a><br \/>\n<\/strong>Orientador(a): Prof. Dr. Fernando Bacal<br \/>\nData da Defesa: 05\/12\/2024<br \/>\nT\u00edtulo da Tese: \u00abEstudo da import\u00e2ncia da microbiota intestinal em pacientes portadores de insufici\u00eancia card\u00edaca cr\u00f4nica: estudo randomizado, duplo-cego\u00bb <a href=\"https:\/\/www.pgcardiologiausp.com.br\/wp-content\/uploads\/2024\/12\/TATIANA_TEIXEIRA_GOMES.pdf\" target=\"_blank\" rel=\"noopener\">Tese <\/a><\/p>\n<hr \/>\n<p><strong><a href=\"http:\/\/lattes.cnpq.br\/8653029635503993\"><strong>Antonio Fernando Diniz Freire<\/strong><\/a><br \/>\n<\/strong>Orientador(a): Prof. Dr. F\u00e1bio Sandoli de Brito J\u00fanior<br \/>\nData da Defesa: 04\/12\/2024<br \/>\nT\u00edtulo da Tese: \u00abPlanejamento e execu\u00e7\u00e3o do implante transcateter de biopr\u00f3tese valvar a\u00f3rtica sem a utiliza\u00e7\u00e3o de contraste iodado em portadores de doen\u00e7a renal cr\u00f4nica: valida\u00e7\u00e3o de uma nova estrat\u00e9gia\u00bb <a href=\"https:\/\/www.pgcardiologiausp.com.br\/wp-content\/uploads\/2024\/12\/ANTONIO_FERNANDO_DINIZ_FREIRE.pdf\" target=\"_blank\" rel=\"noopener\">Tese <\/a><\/p>\n<hr \/>\n<p><strong><a href=\"http:\/\/lattes.cnpq.br\/9955962931921639\">F\u00e1bio Grunspun Pitta<\/a><br \/>\n<\/strong>Orientador(a): Prof. Dr. Carlos Vicente Serrano Junior<br \/>\nData da Defesa: 03\/12\/2024<br \/>\nT\u00edtulo da Tese: \u00abEmpagliflozina na preven\u00e7\u00e3o de inj\u00faria renal aguda em pacientes portadores de diabetes mellitus tipo 2 submetidos \u00e0 cirurgia de revasculariza\u00e7\u00e3o do mioc\u00e1rdio com circula\u00e7\u00e3o extracorp\u00f3rea: estudo POST-CABGDM\u00bb <a href=\"https:\/\/www.pgcardiologiausp.com.br\/wp-content\/uploads\/2024\/12\/FABIO_GRUNSPUN_PITTA.pdf\" target=\"_blank\" rel=\"noopener\">Tese <\/a><\/p>\n<hr \/>\n<p><strong><a href=\"http:\/\/lattes.cnpq.br\/0617117618871039\">Carlos Eduardo de Barros Branco<\/a><br \/>\n<\/strong>Orientador(a): Dr. Roney Orismar Sampaio<br \/>\nData da Defesa: 03\/12\/2024<br \/>\nT\u00edtulo da Tese: \u00abPreval\u00eancia e diagn\u00f3stico de cardite reum\u00e1tica subcl\u00ednica em comunidade da cidade de S\u00e3o Paulo: integra\u00e7\u00e3o da ausculta digital, ecocardiografia e an\u00e1lise longitudinal de citocinas\u00bb <a href=\"https:\/\/www.pgcardiologiausp.com.br\/wp-content\/uploads\/2024\/12\/CARLOS_EDUARDO_DE_BARROS_BRANCO.pdf\" target=\"_blank\" rel=\"noopener\">Tese <\/a><\/p>\n<hr \/>\n<p><strong><a href=\"http:\/\/lattes.cnpq.br\/6629320379858189\">Juliana G\u00f3es Martins<\/a><br \/>\n<\/strong>Orientador(a): Dra. Silvia Moreira Ayub Ferreira<br \/>\nData da Defesa: 28\/11\/2024<br \/>\nT\u00edtulo da Tese: \u00abMonitoriza\u00e7\u00e3o subcl\u00ednica de cardiotoxicidade relacionada ao uso de bloqueadores de correceptores imunes em pacientes oncol\u00f3gicos\u00bb <a href=\"https:\/\/www.pgcardiologiausp.com.br\/wp-content\/uploads\/2024\/12\/JULIANA_GOES_MARTINS_FAGUNDES.pdf\" target=\"_blank\" rel=\"noopener\">Tese <\/a><\/p>\n<hr \/>\n<p><strong><a href=\"http:\/\/lattes.cnpq.br\/2081429247469941\">Eliauria Rosa Martins<\/a><br \/>\n<\/strong>Orientador(a): Prof. Dr. Fernando Bacal<br \/>\nData da Defesa: 25\/11\/2024<br \/>\nT\u00edtulo da Tese: \u00abAvalia\u00e7\u00e3o da elastografia hep\u00e1tica como novo marcador de disfun\u00e7\u00e3o do ventr\u00edculo direito na hipertens\u00e3o pulmonar\u00bb <a href=\"https:\/\/www.pgcardiologiausp.com.br\/wp-content\/uploads\/2024\/12\/ELIAURIA_ROSA_MARTINS.pdf\" target=\"_blank\" rel=\"noopener\">Tese <\/a><\/p>\n<hr \/>\n<p><strong><a href=\"http:\/\/lattes.cnpq.br\/8350605551551032\">Ana Cecilia de Almeida Valadares<\/a><br \/>\n<\/strong>Orientador(a): Dr. Roney Orismar Sampaio<br \/>\nData da Defesa: 11\/11\/2024<br \/>\nT\u00edtulo da Tese: \u00abPerfil gen\u00e9tico e prote\u00f4mico de portadores de doen\u00e7a valvar reum\u00e1tica mitral e a\u00f3rtica sintom\u00e1ticos\u00bb <a href=\"https:\/\/www.pgcardiologiausp.com.br\/wp-content\/uploads\/2024\/12\/ANA_CECILIA_DE_ALMEIDA_VALADARES.pdf\" target=\"_blank\" rel=\"noopener\">Tese <\/a><\/p>\n<hr \/>\n<p><strong><a href=\"http:\/\/lattes.cnpq.br\/6255894678772075\">Priscila Maria Gabos<\/a><br \/>\n<\/strong>Orientador(a): Prof. Dr. Luiz Aparecido Bortolotto<br \/>\nData da Defesa: 04\/11\/2024<br \/>\nT\u00edtulo da Tese: \u00abAvalia\u00e7\u00e3o dos efeitos de um grupo psicoter\u00e1pico breve em obesos com cardiopatia\u00bb <a href=\"https:\/\/www.pgcardiologiausp.com.br\/wp-content\/uploads\/2024\/12\/PRISCILA_MARIA_GABOS.pdf\" target=\"_blank\" rel=\"noopener\">Tese <\/a><\/p>\n<hr \/>\n<p><strong><a href=\"http:\/\/lattes.cnpq.br\/4275460475281425\">Jo\u00e3o Henrique Rissato<\/a><br \/>\n<\/strong>Orientador(a): Prof. Dr. Fabio Fernandes<br \/>\nData da Defesa: 01\/11\/2024<br \/>\nT\u00edtulo da Tese: \u00abAn\u00e1lise do microbioma intestinal de pacientes com amiloidose transtirretina\u00bb <a href=\"https:\/\/www.pgcardiologiausp.com.br\/wp-content\/uploads\/2024\/12\/JOAO_HENRIQUE_RISSATO.pdf\" target=\"_blank\" rel=\"noopener\">Tese <\/a><\/p>\n<hr \/>\n<p><strong><a href=\"http:\/\/lattes.cnpq.br\/1080692522116418\">Maria Antonieta Albanez Albuquerque de Medeiros Lopes<\/a><br \/>\n<\/strong>Orientador(a): Dr. Vitor Emer Egypto Rosa<br \/>\nData da Defesa: 15\/10\/2024<br \/>\nT\u00edtulo da Tese: \u00abCorrela\u00e7\u00e3o Multimodal de Imagem e Biomarcadores na Estenose A\u00f3rtica de Baixo Fluxo e Baixo Gradiente e Fra\u00e7\u00e3o de Eje\u00e7\u00e3o Reduzida\u00bb <a href=\"https:\/\/www.pgcardiologiausp.com.br\/wp-content\/uploads\/2024\/12\/MARIA_ANTONIETA_ALBANEZ_ALBUQUERQUE_DE_MEDEIROS_LOPES.pdf\" target=\"_blank\" rel=\"noopener\">Tese <\/a><\/p>\n<hr \/>\n<p><strong><a href=\"http:\/\/lattes.cnpq.br\/6275964978455610\">Lucas Trindade Cant\u00fa Ribeiro<\/a><br \/>\n<\/strong>Orientador(a): Profa. Dra. Ludhmila Abrah\u00e3o Hajjar<br \/>\nData da Defesa: 14\/10\/2024<br \/>\nT\u00edtulo da Tese: \u00abHeparina e tocilizumabe em pacientes com COVID-19 grave: estudo cl\u00ednico randomizado (HEPMAB trial)\u00bb <a href=\"https:\/\/www.pgcardiologiausp.com.br\/wp-content\/uploads\/2024\/12\/LUCAS_TRINDADE_CANTU_RIBEIRO.pdf\" target=\"_blank\" rel=\"noopener\">Tese <\/a><\/p>\n<hr \/>\n<p><strong><a href=\"http:\/\/lattes.cnpq.br\/9916906250194573\">Gabriel Pelegrineti Targueta<\/a><br \/>\n<\/strong>Orientador(a): Dr. Francisco Carlos da Costa Darrieux<br \/>\nData da Defesa: 11\/10\/2024<br \/>\nT\u00edtulo da Tese: \u00abAvalia\u00e7\u00e3o de aspectos do metabolismo cerebral pela tomografia por emiss\u00e3o de p\u00f3sitrons com fluorodesoxiglicose em pacientes portadores de fibrila\u00e7\u00e3o atrial: estudo sobre os mecanismos do transtorno cognitivo em portadores de fibrila\u00e7\u00e3o atrial\u00bb <a href=\"https:\/\/www.pgcardiologiausp.com.br\/wp-content\/uploads\/2024\/12\/GABRIEL_PELEGRINETI_TARGUETA.pdf\" target=\"_blank\" rel=\"noopener\">Tese <\/a><\/p>\n<hr \/>\n<p><strong><a href=\"http:\/\/lattes.cnpq.br\/8323430152532106\">Bruno do Nascimento Carvalho<\/a><br \/>\n<\/strong>Orientador(a): Profa. Dra. Maria Claudia Costa Irigoyen<br \/>\nData da Defesa: 09\/10\/2024<br \/>\nT\u00edtulo da Tese: \u00abEfeitos do treinamento f\u00edsico e da aus\u00eancia de horm\u00f4nios ovarianos em modelo murino de aterosclerose (ApoE-KO): repercuss\u00f5es cardiovasculares e neuroimunes\u00bb <a href=\"https:\/\/www.pgcardiologiausp.com.br\/wp-content\/uploads\/2024\/12\/BRUNO_DO_NASCIMENTO_CARVALHO.pdf\" target=\"_blank\" rel=\"noopener\">Tese <\/a><\/p>\n<hr \/>\n<p><strong><a href=\"http:\/\/lattes.cnpq.br\/0132748271036158\">Adriadne Justi Bertolin<\/a><br \/>\n<\/strong>Orientador(a): Prof. Dr. Jos\u00e9 Carlos Nicolau<br \/>\nData da Defesa: 04\/10\/2024<br \/>\nT\u00edtulo da Tese: \u00abEfeito da infec\u00e7\u00e3o por SARS-CoV-2 na agrega\u00e7\u00e3o plaquet\u00e1ria e outros par\u00e2metros da coagula\u00e7\u00e3o\u00bb <a href=\"https:\/\/www.pgcardiologiausp.com.br\/wp-content\/uploads\/2024\/12\/ADRIADNE_JUSTI_BERTOLIN.pdf\" target=\"_blank\" rel=\"noopener\">Tese <\/a><\/p>\n<hr \/>\n<p><strong>Gabriel Andr\u00e9 Boeing Boros<br \/>\n<\/strong>Orientador(a): Prof. Dr. Whady Armindo Hueb<br \/>\nData da Defesa: 03\/10\/2024<br \/>\nT\u00edtulo da Tese: \u00abAvalia\u00e7\u00e3o do mapa T1 por resson\u00e2ncia magn\u00e9tica card\u00edaca em pacientes com e sem diabetes mellitus portadores de doen\u00e7a arterial coronariana\u00bb <a href=\"https:\/\/www.pgcardiologiausp.com.br\/wp-content\/uploads\/2024\/12\/GUSTAVO_ANDRE_BOEING_BOROS.pdf\" target=\"_blank\" rel=\"noopener\">Tese <\/a><\/p>\n<hr \/>\n<p><strong><a href=\"http:\/\/lattes.cnpq.br\/3746753328711092\">Gabriel Barros Aulicino<\/a><br \/>\n<\/strong>Orientador(a): Prof. Dr. Fernando Bacal<br \/>\nData da Defesa: 27\/09\/2024<br \/>\nT\u00edtulo da Tese: \u00abAn\u00e1lise dos fatores de risco de pacientes submetidos a transplante card\u00edaco e sua influ\u00eancia em desfechos cl\u00ednicos ap\u00f3s transplante\u00bb <a href=\"https:\/\/www.pgcardiologiausp.com.br\/wp-content\/uploads\/2024\/12\/GABRIEL_BARROS_AULICINO.pdf\" target=\"_blank\" rel=\"noopener\">Tese <\/a><\/p>\n<hr \/>\n<p><strong><a href=\"http:\/\/lattes.cnpq.br\/4419418299906477\">Creuza Macedo Goes Rocha<\/a><br \/>\n<\/strong>Orientador(a): Dr. Luciano Ferreira Drager<br \/>\nData da Defesa: 30\/08\/2024<br \/>\nT\u00edtulo da Tese: \u00abAssocia\u00e7\u00e3o da apneia obstrutiva do sono com padr\u00e3o de ocorr\u00eancia de epis\u00f3dios de Fibrila\u00e7\u00e3o Atrial Parox\u00edstica\u00bb <a href=\"https:\/\/www.pgcardiologiausp.com.br\/wp-content\/uploads\/2024\/12\/CREUZA_MACEDO_GOES_ROCHAcorrigida.pdf\" target=\"_blank\" rel=\"noopener\">Tese <\/a><\/p>\n<hr \/>\n<p><strong><a href=\"http:\/\/lattes.cnpq.br\/5635208447032249\">Mauricio Felippi de S\u00e1 Marchi<\/a><br \/>\n<\/strong>Orientador(a): Dr. Henrique Barbosa Ribeiro<br \/>\nData da Defesa: 29\/07\/2024<br \/>\nT\u00edtulo da Tese: \u00abIncid\u00eancia, preditores e impacto cl\u00ednico da inj\u00faria mioc\u00e1rdica ap\u00f3s o tratamento transcateter das disfun\u00e7\u00f5es valvares\u00bb <a href=\"https:\/\/www.pgcardiologiausp.com.br\/wp-content\/uploads\/2024\/12\/MAURICIO_FELIPPI_DE_SA_MARCHIcorrigida_compressed.pdf\" target=\"_blank\" rel=\"noopener\">Tese <\/a><\/p>\n<hr \/>\n<p><strong><a href=\"http:\/\/lattes.cnpq.br\/6607066952469486\">Roberta Vanalli Baroni<\/a><br \/>\n<\/strong>Orientador(a): Prof. Raul Cavalcante Maranh\u00e3o<br \/>\nData da Defesa: 05\/07\/2024<br \/>\nT\u00edtulo da Tese: \u00abAspectos funcionais da lipoprote\u00edna de alta densidade (HDL) em indiv\u00edduos com n\u00edvel baixo de HDL-colesterol com ou sem doen\u00e7a arterial coron\u00e1ria \u00bb <a href=\"https:\/\/www.pgcardiologiausp.com.br\/wp-content\/uploads\/2024\/12\/ROBERTA_VANALLI_BARONI.pdf\" target=\"_blank\" rel=\"noopener\">Tese <\/a><\/p>\n<hr \/>\n<p><strong><a href=\"http:\/\/lattes.cnpq.br\/0650264893505816\">Lu\u00eds F\u00e1bio Barbosa Botelho<\/a><br \/>\n<\/strong>Orientador(a): Profa. Dra. Vera Maria Cury Saleme<br \/>\nData da Defesa: 28\/06\/2024<br \/>\nT\u00edtulo da Tese: \u00abAvalia\u00e7\u00e3o da acur\u00e1cia do MAPSE (Excurs\u00e3o Sist\u00f3lica do Plano Anular Mitral) para diagn\u00f3stico de cardiotoxicidade subcl\u00ednica secund\u00e1ria ao uso de antrac\u00edclicos em pacientes com c\u00e2ncer de mama \u00bb <a href=\"https:\/\/www.pgcardiologiausp.com.br\/wp-content\/uploads\/2024\/12\/LUIS_FABIO_BARBOSA_BOTELHO.pdf\" target=\"_blank\" rel=\"noopener\">Tese <\/a><\/p>\n<hr \/>\n<p><strong><a href=\"http:\/\/lattes.cnpq.br\/6981496023326476\">Thiago Lins Fagundes de Sousa<\/a><br \/>\n<\/strong>Orientador(a): Dra. Maria Janieire de Nazar\u00e9 Nunes Alves<br \/>\nData da Defesa: 24\/06\/2024<br \/>\nT\u00edtulo da Tese: \u00abAvalia\u00e7\u00e3o do trabalho mioc\u00e1rdico e da capacidade de exerc\u00edcio em pacientes recuperados da forma grave da Covid-19 \u00bb <a href=\"https:\/\/www.pgcardiologiausp.com.br\/wp-content\/uploads\/2024\/12\/THIAGO_LINS_FAGUNDES_DE_SOUSA.pdf\" target=\"_blank\" rel=\"noopener\">Tese <\/a><\/p>\n<hr \/>\n<p><strong><a href=\"http:\/\/lattes.cnpq.br\/1864282949984536\">Maria Catarina de Melo Dias Guerra<\/a><br \/>\n<\/strong>Orientador(a): Prof. Dr. Carlos Eduardo Rochitte<br \/>\nData da Defesa: 06\/06\/2024<br \/>\nT\u00edtulo da Tese: \u00abDetec\u00e7\u00e3o e quantifica\u00e7\u00e3o do infarto do mioc\u00e1rdio pelo eletrocardiograma: valida\u00e7\u00e3o pela resson\u00e2ncia magn\u00e9tica cardiovascular \u00bb <a href=\"https:\/\/www.pgcardiologiausp.com.br\/wp-content\/uploads\/2024\/12\/MARIA_CATARINA_DE_MELO_DIAS_GUERRA.pdf\" target=\"_blank\" rel=\"noopener\">Tese <\/a><\/p>\n<hr \/>\n<p><strong><a href=\"http:\/\/lattes.cnpq.br\/1802956583065127\">Fabiana Cordeiro Juliani<\/a><br \/>\n<\/strong>Orientador(a): Prof. Raul Cavalcante Maranh\u00e3o<br \/>\nData da Defesa: 04\/06\/2024<br \/>\nT\u00edtulo da Tese: \u00abAspectos metab\u00f3licos e funcionais da lipoprote\u00edna de alta densidade (HDL) em pacientes com hipercolesterolemia familiar e doen\u00e7a arterial coron\u00e1ria subcl\u00ednica \u00bb <a href=\"https:\/\/www.pgcardiologiausp.com.br\/wp-content\/uploads\/2024\/12\/FABIANA_CORDEIRO_JULIANI.pdf\" target=\"_blank\" rel=\"noopener\">Tese <\/a><\/p>\n<hr \/>\n<p><strong><a href=\"http:\/\/lattes.cnpq.br\/3497413351838889\">Pedro Felipe Gomes Nicz<\/a><br \/>\n<\/strong>Orientador(a): Prof. Dr. F\u00e1bio S\u00e2ndoli de Brito J\u00fanior<br \/>\nData da Defesa: 27\/05\/2024<br \/>\nT\u00edtulo da Tese: \u00abAn\u00e1lise comprativa entre o tratamento transcateter (valve-in-valve por vias transeptal e transapical) e reabordagem cir\u00fargica convencional para disfun\u00e7\u00e3o de biopr\u00f3tese valvar em posi\u00e7\u00e3o mitral \u00bb <a href=\"https:\/\/www.pgcardiologiausp.com.br\/wp-content\/uploads\/2024\/12\/PEDRO_FELIPE_GOMES_NICZ.pdf\" target=\"_blank\" rel=\"noopener\">Tese <\/a><\/p>\n<hr \/>\n<p><strong><a href=\"http:\/\/lattes.cnpq.br\/3682535390624479\">Andr\u00e9 Franci<\/a><br \/>\n<\/strong>Orientador(a): Prof. Dr. Jos\u00e9 Carlos Nicolau<br \/>\nData da Defesa: 10\/05\/2024<br \/>\nT\u00edtulo da Tese: \u00abAvalia\u00e7\u00e3o da agregabilidade plaquet\u00e1ria e n\u00edveis plasm\u00e1ticos de adenosina em pacientes com doen\u00e7a arterial coron\u00e1ria est\u00e1vel e doen\u00e7a renal cr\u00f4nica em regime de dupla antiagrega\u00e7\u00e3o plaquet\u00e1ria com \u00e1cido acetilsalic\u00edlico em associa\u00e7\u00e3o com clopidogrel ou ticagrelor \u00bb <a href=\"https:\/\/www.pgcardiologiausp.com.br\/wp-content\/uploads\/2024\/12\/ANDRE_FRANCI.pdf\" target=\"_blank\" rel=\"noopener\">Tese <\/a><\/p>\n<hr \/>\n<p><strong><a href=\"http:\/\/lattes.cnpq.br\/5276761940084050\">Ana Lu\u00edse Duenhas Berger<\/a><br \/>\n<\/strong>Orientador(a): Prof. Dr. Luiz Aparecido Bortolotto<br \/>\nData da Defesa: 29\/04\/2024<br \/>\nT\u00edtulo da Tese: \u00abDesenvolvimento de um question\u00e1rio de frequ\u00eancia alimentar com escore do consumo de s\u00f3dio para pacientes com hipertens\u00e3o arterial \u00bb <a href=\"https:\/\/www.pgcardiologiausp.com.br\/wp-content\/uploads\/2024\/12\/ANA_LUISE_DUENHAS_BERGER.pdf\" target=\"_blank\" rel=\"noopener\">Tese <\/a><\/p>\n<hr \/>\n<p><strong><a href=\"http:\/\/lattes.cnpq.br\/7278436433322835\">Renata Gomes Sanches Verardino<\/a><br \/>\n<\/strong>Orientador(a): Prof. Dr. Luiz Aparecido Bortolotto<br \/>\nData da Defesa: 19\/04\/2024<br \/>\nT\u00edtulo da Tese: \u00abRepercuss\u00e3o cardiovascular de longo prazo em mulheres com gravidez pr\u00e9via complicada por doen\u00e7a hipertensiva grave \u00bb <a href=\"https:\/\/www.pgcardiologiausp.com.br\/wp-content\/uploads\/2024\/12\/RENATA_GOMES_SANCHES_VERARDINO.pdf\" target=\"_blank\" rel=\"noopener\">Tese<\/a><\/p>\n<hr \/>\n<p><strong><a href=\"http:\/\/lattes.cnpq.br\/8117004868548068\">Sarah Fagundes Grobe<\/a><br \/>\n<\/strong>Orientador(a): Prof. Dr. Lu\u00eds Henrique Wolff Gowdak<br \/>\nData da Defesa: 09\/04\/2024<br \/>\nT\u00edtulo da Tese: \u00abAspectos metab\u00f3licos e funcionais da part\u00edcula de HDL: um estudo comparativo entre pacientes com angina refrat\u00e1ria e angina n\u00e3o limitante\u00bb <a href=\"https:\/\/www.pgcardiologiausp.com.br\/wp-content\/uploads\/2024\/12\/SARAH_FAGUNDES__GROBE.pdf\" target=\"_blank\" rel=\"noopener\">Tese<\/a><\/p>\n<hr \/>\n<p><strong><a href=\"http:\/\/lattes.cnpq.br\/5525241419911306\">Sara Rodrigues<\/a><br \/>\n<\/strong>Orientador(a): Prof. Dr. Luiz Aparecido Bortolotto<br \/>\nData da Defesa: 08\/03\/2024<br \/>\nT\u00edtulo da Tese: \u00abAvalia\u00e7\u00e3o Das Respostas Vasculares Agudas Aos Exerc\u00edcios F\u00edsicos Cont\u00ednuo De Moderada Intensidade e Intervalado De Alta Intensidade Em Indiv\u00edduos Com Press\u00e3o Arterial Normal e Pr\u00e9-Hipertens\u00e3o : Estudo Randomizado\u00bb <a href=\"https:\/\/www.pgcardiologiausp.com.br\/wp-content\/uploads\/2024\/12\/SARA_RODRIGUES.pdf\" target=\"_blank\" rel=\"noopener\">Tese<\/a><\/p>\n<hr \/>\n<p><strong><a href=\"http:\/\/lattes.cnpq.br\/3764948701844610\">Kelly Cristina de Oliveira Abud<\/a><br \/>\n<\/strong>Orientador(a): Prof. Dr. Antonio Augusto Barbosa Lopes<br \/>\nData da Defesa: 27\/02\/2024<br \/>\nT\u00edtulo da Tese: \u00abPadr\u00f5es hemodin\u00e2micos pulmonares em pacientes pedi\u00e1tricos com defeitos septais card\u00edacos cong\u00eanitos: rela\u00e7\u00e3o com mediadores inflamat\u00f3rios e a presen\u00e7a n\u00e3o suspeitada de v\u00edrus respirat\u00f3rios\u00bb <a href=\"https:\/\/www.pgcardiologiausp.com.br\/wp-content\/uploads\/2024\/12\/KELLY_CRISTINA_DE_OLIVEIRA_ABUD_compressed.pdf\" target=\"_blank\" rel=\"noopener\">Tese<\/a><\/p>\n<hr \/>\n<p><strong><a href=\"http:\/\/lattes.cnpq.br\/0934304476892120\">Rossana Mariana Carvalho de Paiva Marques<\/a> (Dinter)<br \/>\n<\/strong>Orientador(a): Prof. Luiz Aparecido Bortolotto<br \/>\nData da Defesa: 26\/02\/2024<br \/>\nT\u00edtulo da Tese: \u00abManejo da hipertens\u00e3o no puerp\u00e9rio inicial: ensaio cl\u00ednico randomizado de compara\u00e7\u00e3o de dois medicamentos anti-hipertensivos\u00bb <a href=\"https:\/\/www.pgcardiologiausp.com.br\/wp-content\/uploads\/2024\/12\/ROSSANA_MARIANA_CARVALHO_DE_PAIVA_MARQUES.pdf\" target=\"_blank\" rel=\"noopener\">Tese<\/a><\/p>\n<hr \/>\n<p><strong><a href=\"http:\/\/lattes.cnpq.br\/332066595803731\">Stephanie Itala Rizk<\/a><br \/>\n<\/strong>Orientador(a): Profa. Dra. Ludhmila Abrah\u00e3o Hajjar<br \/>\nData da Defesa: 23\/02\/2024<br \/>\nT\u00edtulo da Tese: \u00abO efeito da ivabradina na preven\u00e7\u00e3o da disfun\u00e7\u00e3o cardiovascular relacionada \u00e0 antraciclina: estudo cl\u00ednico randomizado\u00bb <a href=\"https:\/\/www.pgcardiologiausp.com.br\/wp-content\/uploads\/2024\/12\/STEPHANIE_ITALA_RIZK.pdf\" target=\"_blank\" rel=\"noopener\">Tese<\/a><\/p>\n<hr \/>\n<p><strong><a href=\"http:\/\/lattes.cnpq.br\/9465999774767720\">Lucas Lage Marinho<\/a><br \/>\n<\/strong>Orientador(a): Prof. Raul Cavalcante Maranh\u00e3o<br \/>\nData da Defesa: 17\/01\/2024<br \/>\nT\u00edtulo da Tese: \u00abO uso da associa\u00e7\u00e3o de paclitaxel a nanoemuls\u00e3o lip\u00eddica para o tratamento da doen\u00e7a arterial coronariana: estudo randomizado, duplo-cego e controlado por placebo\u00bb <a href=\"https:\/\/www.pgcardiologiausp.com.br\/wp-content\/uploads\/2024\/12\/LUCAS_LAGE_MARINHO.pdf\" target=\"_blank\" rel=\"noopener\">Tese<\/a><\/p>\n","protected":false},"excerpt":{"rendered":"<p>Disculpa, pero esta entrada est\u00e1 disponible s\u00f3lo en Portugu\u00eas. 2024 &nbsp; Vinicius Bocchino Seleme Orientador(a): Dr. Carlos Augusto Homem de Magalh\u00e3es Campos Data da Defesa: 17\/12\/2024<span class=\"excerpt-hellip\"> [\u2026]<\/span><\/p>\n","protected":false},"author":1,"featured_media":112,"parent":155,"menu_order":0,"comment_status":"closed","ping_status":"closed","template":"","meta":{"footnotes":""},"class_list":["post-678","page","type-page","status-publish","has-post-thumbnail","hentry"],"yoast_head":"<!-- This site is optimized with the Yoast SEO plugin v25.8 - https:\/\/yoast.com\/wordpress\/plugins\/seo\/ -->\n<title>Postgrados y Tesis 2024 - P\u00f3s-Gradua\u00e7\u00e3o em Cardiologia FMUSP<\/title>\n<meta name=\"robots\" content=\"index, follow, max-snippet:-1, max-image-preview:large, max-video-preview:-1\" \/>\n<link rel=\"canonical\" href=\"https:\/\/www.pgcardiologiausp.com.br\/o-programa\/egressos\/egressos-e-teses-2024\/\" \/>\n<meta property=\"og:locale\" content=\"es_ES\" \/>\n<meta property=\"og:type\" content=\"article\" \/>\n<meta property=\"og:title\" content=\"Postgrados y Tesis 2024 - P\u00f3s-Gradua\u00e7\u00e3o em Cardiologia FMUSP\" \/>\n<meta property=\"og:description\" content=\"Disculpa, pero esta entrada est\u00e1 disponible s\u00f3lo en Portugu\u00eas. 2024 &nbsp; Vinicius Bocchino Seleme Orientador(a): Dr. Carlos Augusto Homem de Magalh\u00e3es Campos Data da Defesa: 17\/12\/2024 [\u2026]\" \/>\n<meta property=\"og:url\" content=\"https:\/\/www.pgcardiologiausp.com.br\/o-programa\/egressos\/egressos-e-teses-2024\/\" \/>\n<meta property=\"og:site_name\" content=\"P\u00f3s-Gradua\u00e7\u00e3o em Cardiologia FMUSP\" \/>\n<meta property=\"article:modified_time\" content=\"2025-06-04T16:49:56+00:00\" \/>\n<meta property=\"og:image\" content=\"https:\/\/www.pgcardiologiausp.com.br\/wp-content\/uploads\/2024\/12\/bgheader_pgcardio_v1.2.jpg\" \/>\n\t<meta property=\"og:image:width\" content=\"1920\" \/>\n\t<meta property=\"og:image:height\" content=\"800\" \/>\n\t<meta property=\"og:image:type\" content=\"image\/jpeg\" \/>\n<meta name=\"twitter:card\" content=\"summary_large_image\" \/>\n<script type=\"application\/ld+json\" class=\"yoast-schema-graph\">{\"@context\":\"https:\/\/schema.org\",\"@graph\":[{\"@type\":\"WebPage\",\"@id\":\"https:\/\/www.pgcardiologiausp.com.br\/o-programa\/egressos\/egressos-e-teses-2024\/\",\"url\":\"https:\/\/www.pgcardiologiausp.com.br\/o-programa\/egressos\/egressos-e-teses-2024\/\",\"name\":\"Postgrados y Tesis 2024 - P\u00f3s-Gradua\u00e7\u00e3o em Cardiologia FMUSP\",\"isPartOf\":{\"@id\":\"https:\/\/www.pgcardiologiausp.com.br\/#website\"},\"primaryImageOfPage\":{\"@id\":\"https:\/\/www.pgcardiologiausp.com.br\/o-programa\/egressos\/egressos-e-teses-2024\/#primaryimage\"},\"image\":{\"@id\":\"https:\/\/www.pgcardiologiausp.com.br\/o-programa\/egressos\/egressos-e-teses-2024\/#primaryimage\"},\"thumbnailUrl\":\"https:\/\/www.pgcardiologiausp.com.br\/wp-content\/uploads\/2024\/12\/bgheader_pgcardio_v1.2.jpg\",\"datePublished\":\"2024-12-22T20:50:14+00:00\",\"dateModified\":\"2025-06-04T16:49:56+00:00\",\"breadcrumb\":{\"@id\":\"https:\/\/www.pgcardiologiausp.com.br\/o-programa\/egressos\/egressos-e-teses-2024\/#breadcrumb\"},\"inLanguage\":\"es\",\"potentialAction\":[{\"@type\":\"ReadAction\",\"target\":[\"https:\/\/www.pgcardiologiausp.com.br\/o-programa\/egressos\/egressos-e-teses-2024\/\"]}]},{\"@type\":\"ImageObject\",\"inLanguage\":\"es\",\"@id\":\"https:\/\/www.pgcardiologiausp.com.br\/o-programa\/egressos\/egressos-e-teses-2024\/#primaryimage\",\"url\":\"https:\/\/www.pgcardiologiausp.com.br\/wp-content\/uploads\/2024\/12\/bgheader_pgcardio_v1.2.jpg\",\"contentUrl\":\"https:\/\/www.pgcardiologiausp.com.br\/wp-content\/uploads\/2024\/12\/bgheader_pgcardio_v1.2.jpg\",\"width\":1920,\"height\":800},{\"@type\":\"BreadcrumbList\",\"@id\":\"https:\/\/www.pgcardiologiausp.com.br\/o-programa\/egressos\/egressos-e-teses-2024\/#breadcrumb\",\"itemListElement\":[{\"@type\":\"ListItem\",\"position\":1,\"name\":\"Home\",\"item\":\"https:\/\/www.pgcardiologiausp.com.br\/\"},{\"@type\":\"ListItem\",\"position\":2,\"name\":\"O Programa\",\"item\":\"https:\/\/www.pgcardiologiausp.com.br\/o-programa\/\"},{\"@type\":\"ListItem\",\"position\":3,\"name\":\"Egressos e teses\",\"item\":\"https:\/\/www.pgcardiologiausp.com.br\/o-programa\/egressos\/\"},{\"@type\":\"ListItem\",\"position\":4,\"name\":\"Egressos e Teses 2024\"}]},{\"@type\":\"WebSite\",\"@id\":\"https:\/\/www.pgcardiologiausp.com.br\/#website\",\"url\":\"https:\/\/www.pgcardiologiausp.com.br\/\",\"name\":\"P\u00f3s-Gradua\u00e7\u00e3o em Cardiologia FMUSP\",\"description\":\"\",\"publisher\":{\"@id\":\"https:\/\/www.pgcardiologiausp.com.br\/#organization\"},\"potentialAction\":[{\"@type\":\"SearchAction\",\"target\":{\"@type\":\"EntryPoint\",\"urlTemplate\":\"https:\/\/www.pgcardiologiausp.com.br\/?s={search_term_string}\"},\"query-input\":{\"@type\":\"PropertyValueSpecification\",\"valueRequired\":true,\"valueName\":\"search_term_string\"}}],\"inLanguage\":\"es\"},{\"@type\":\"Organization\",\"@id\":\"https:\/\/www.pgcardiologiausp.com.br\/#organization\",\"name\":\"P\u00f3s-Gradua\u00e7\u00e3o em Cardiologia FMUSP\",\"url\":\"https:\/\/www.pgcardiologiausp.com.br\/\",\"logo\":{\"@type\":\"ImageObject\",\"inLanguage\":\"es\",\"@id\":\"https:\/\/www.pgcardiologiausp.com.br\/#\/schema\/logo\/image\/\",\"url\":\"https:\/\/www.pgcardiologiausp.com.br\/wp-content\/uploads\/2024\/12\/pg_cardio_usp-logo-v1-clearbg-500x341-1.png\",\"contentUrl\":\"https:\/\/www.pgcardiologiausp.com.br\/wp-content\/uploads\/2024\/12\/pg_cardio_usp-logo-v1-clearbg-500x341-1.png\",\"width\":500,\"height\":177,\"caption\":\"P\u00f3s-Gradua\u00e7\u00e3o em Cardiologia FMUSP\"},\"image\":{\"@id\":\"https:\/\/www.pgcardiologiausp.com.br\/#\/schema\/logo\/image\/\"}}]}<\/script>\n<!-- \/ Yoast SEO plugin. -->","yoast_head_json":{"title":"Postgrados y Tesis 2024 - P\u00f3s-Gradua\u00e7\u00e3o em Cardiologia FMUSP","robots":{"index":"index","follow":"follow","max-snippet":"max-snippet:-1","max-image-preview":"max-image-preview:large","max-video-preview":"max-video-preview:-1"},"canonical":"https:\/\/www.pgcardiologiausp.com.br\/o-programa\/egressos\/egressos-e-teses-2024\/","og_locale":"es_ES","og_type":"article","og_title":"Postgrados y Tesis 2024 - P\u00f3s-Gradua\u00e7\u00e3o em Cardiologia FMUSP","og_description":"Disculpa, pero esta entrada est\u00e1 disponible s\u00f3lo en Portugu\u00eas. 2024 &nbsp; Vinicius Bocchino Seleme Orientador(a): Dr. Carlos Augusto Homem de Magalh\u00e3es Campos Data da Defesa: 17\/12\/2024 [\u2026]","og_url":"https:\/\/www.pgcardiologiausp.com.br\/o-programa\/egressos\/egressos-e-teses-2024\/","og_site_name":"P\u00f3s-Gradua\u00e7\u00e3o em Cardiologia FMUSP","article_modified_time":"2025-06-04T16:49:56+00:00","og_image":[{"width":1920,"height":800,"url":"https:\/\/www.pgcardiologiausp.com.br\/wp-content\/uploads\/2024\/12\/bgheader_pgcardio_v1.2.jpg","type":"image\/jpeg"}],"twitter_card":"summary_large_image","schema":{"@context":"https:\/\/schema.org","@graph":[{"@type":"WebPage","@id":"https:\/\/www.pgcardiologiausp.com.br\/o-programa\/egressos\/egressos-e-teses-2024\/","url":"https:\/\/www.pgcardiologiausp.com.br\/o-programa\/egressos\/egressos-e-teses-2024\/","name":"Postgrados y Tesis 2024 - P\u00f3s-Gradua\u00e7\u00e3o em Cardiologia FMUSP","isPartOf":{"@id":"https:\/\/www.pgcardiologiausp.com.br\/#website"},"primaryImageOfPage":{"@id":"https:\/\/www.pgcardiologiausp.com.br\/o-programa\/egressos\/egressos-e-teses-2024\/#primaryimage"},"image":{"@id":"https:\/\/www.pgcardiologiausp.com.br\/o-programa\/egressos\/egressos-e-teses-2024\/#primaryimage"},"thumbnailUrl":"https:\/\/www.pgcardiologiausp.com.br\/wp-content\/uploads\/2024\/12\/bgheader_pgcardio_v1.2.jpg","datePublished":"2024-12-22T20:50:14+00:00","dateModified":"2025-06-04T16:49:56+00:00","breadcrumb":{"@id":"https:\/\/www.pgcardiologiausp.com.br\/o-programa\/egressos\/egressos-e-teses-2024\/#breadcrumb"},"inLanguage":"es","potentialAction":[{"@type":"ReadAction","target":["https:\/\/www.pgcardiologiausp.com.br\/o-programa\/egressos\/egressos-e-teses-2024\/"]}]},{"@type":"ImageObject","inLanguage":"es","@id":"https:\/\/www.pgcardiologiausp.com.br\/o-programa\/egressos\/egressos-e-teses-2024\/#primaryimage","url":"https:\/\/www.pgcardiologiausp.com.br\/wp-content\/uploads\/2024\/12\/bgheader_pgcardio_v1.2.jpg","contentUrl":"https:\/\/www.pgcardiologiausp.com.br\/wp-content\/uploads\/2024\/12\/bgheader_pgcardio_v1.2.jpg","width":1920,"height":800},{"@type":"BreadcrumbList","@id":"https:\/\/www.pgcardiologiausp.com.br\/o-programa\/egressos\/egressos-e-teses-2024\/#breadcrumb","itemListElement":[{"@type":"ListItem","position":1,"name":"Home","item":"https:\/\/www.pgcardiologiausp.com.br\/"},{"@type":"ListItem","position":2,"name":"O Programa","item":"https:\/\/www.pgcardiologiausp.com.br\/o-programa\/"},{"@type":"ListItem","position":3,"name":"Egressos e teses","item":"https:\/\/www.pgcardiologiausp.com.br\/o-programa\/egressos\/"},{"@type":"ListItem","position":4,"name":"Egressos e Teses 2024"}]},{"@type":"WebSite","@id":"https:\/\/www.pgcardiologiausp.com.br\/#website","url":"https:\/\/www.pgcardiologiausp.com.br\/","name":"P\u00f3s-Gradua\u00e7\u00e3o em Cardiologia FMUSP","description":"","publisher":{"@id":"https:\/\/www.pgcardiologiausp.com.br\/#organization"},"potentialAction":[{"@type":"SearchAction","target":{"@type":"EntryPoint","urlTemplate":"https:\/\/www.pgcardiologiausp.com.br\/?s={search_term_string}"},"query-input":{"@type":"PropertyValueSpecification","valueRequired":true,"valueName":"search_term_string"}}],"inLanguage":"es"},{"@type":"Organization","@id":"https:\/\/www.pgcardiologiausp.com.br\/#organization","name":"P\u00f3s-Gradua\u00e7\u00e3o em Cardiologia FMUSP","url":"https:\/\/www.pgcardiologiausp.com.br\/","logo":{"@type":"ImageObject","inLanguage":"es","@id":"https:\/\/www.pgcardiologiausp.com.br\/#\/schema\/logo\/image\/","url":"https:\/\/www.pgcardiologiausp.com.br\/wp-content\/uploads\/2024\/12\/pg_cardio_usp-logo-v1-clearbg-500x341-1.png","contentUrl":"https:\/\/www.pgcardiologiausp.com.br\/wp-content\/uploads\/2024\/12\/pg_cardio_usp-logo-v1-clearbg-500x341-1.png","width":500,"height":177,"caption":"P\u00f3s-Gradua\u00e7\u00e3o em Cardiologia FMUSP"},"image":{"@id":"https:\/\/www.pgcardiologiausp.com.br\/#\/schema\/logo\/image\/"}}]}},"_links":{"self":[{"href":"https:\/\/www.pgcardiologiausp.com.br\/es\/wp-json\/wp\/v2\/pages\/678","targetHints":{"allow":["GET"]}}],"collection":[{"href":"https:\/\/www.pgcardiologiausp.com.br\/es\/wp-json\/wp\/v2\/pages"}],"about":[{"href":"https:\/\/www.pgcardiologiausp.com.br\/es\/wp-json\/wp\/v2\/types\/page"}],"author":[{"embeddable":true,"href":"https:\/\/www.pgcardiologiausp.com.br\/es\/wp-json\/wp\/v2\/users\/1"}],"replies":[{"embeddable":true,"href":"https:\/\/www.pgcardiologiausp.com.br\/es\/wp-json\/wp\/v2\/comments?post=678"}],"version-history":[{"count":7,"href":"https:\/\/www.pgcardiologiausp.com.br\/es\/wp-json\/wp\/v2\/pages\/678\/revisions"}],"predecessor-version":[{"id":2316,"href":"https:\/\/www.pgcardiologiausp.com.br\/es\/wp-json\/wp\/v2\/pages\/678\/revisions\/2316"}],"up":[{"embeddable":true,"href":"https:\/\/www.pgcardiologiausp.com.br\/es\/wp-json\/wp\/v2\/pages\/155"}],"wp:featuredmedia":[{"embeddable":true,"href":"https:\/\/www.pgcardiologiausp.com.br\/es\/wp-json\/wp\/v2\/media\/112"}],"wp:attachment":[{"href":"https:\/\/www.pgcardiologiausp.com.br\/es\/wp-json\/wp\/v2\/media?parent=678"}],"curies":[{"name":"wp","href":"https:\/\/api.w.org\/{rel}","templated":true}]}}