{"id":952,"date":"2024-12-22T21:21:14","date_gmt":"2024-12-23T00:21:14","guid":{"rendered":"https:\/\/www.pgcardiologiausp.com.br\/?page_id=952"},"modified":"2024-12-29T00:24:38","modified_gmt":"2024-12-29T03:24:38","slug":"egressos-e-teses-2016","status":"publish","type":"page","link":"https:\/\/www.pgcardiologiausp.com.br\/es\/o-programa\/egressos\/egressos-e-teses-2016\/","title":{"rendered":"Postgrados y Tesis 2016"},"content":{"rendered":"<p class=\"qtranxs-available-languages-message qtranxs-available-languages-message-es\">Disculpa, pero esta entrada est\u00e1 disponible s\u00f3lo en <a href=\"https:\/\/www.pgcardiologiausp.com.br\/pb\/wp-json\/wp\/v2\/pages\/952\" class=\"qtranxs-available-language-link qtranxs-available-language-link-pb\" title=\"Portugu\u00eas\">Portugu\u00eas<\/a>.<\/p>\n<h3>2016<\/h3>\n<p><strong>Aluno: Carlos Henrique Gomes Uch\u00f4a<\/strong><br \/>\nOrientador: Prof. Dr. Luciano Ferreira Drager<br \/>\nData da Defesa: 19\/12\/2016<br \/>\nT\u00edtulo: \u00abImpacto da apneia obstrutiva do sono na recorr\u00eancia do edema agudo dos pulm\u00f5es cardiog\u00eanico\u00bb <strong><a href=\"https:\/\/www.pgcardiologiausp.com.br\/wp-content\/uploads\/2024\/12\/CARLOS_HENRIQUE_GOMES_UCHOA.pdf\" target=\"_blank\" rel=\"noopener\">Tese<\/a><\/strong><\/p>\n<hr \/>\n<p><strong>Aluno: Henrique Cotchi Simbo Muela<\/strong><br \/>\nOrientador: Prof. Dr. Luiz Aparecido Bortolotto<br \/>\nData da Defesa: 14\/12\/2016<br \/>\nT\u00edtulo: \u00abAvalia\u00e7\u00e3o da fun\u00e7\u00e3o cognitiva em pacientes com hipertens\u00e3o arterial e sua correla\u00e7\u00e3o com as altera\u00e7\u00f5es da rigidez arterial e do fluxo cerebral\u00bb <strong><a href=\"https:\/\/www.pgcardiologiausp.com.br\/wp-content\/uploads\/2024\/12\/HENRIQUE_COTCHI_SIMBO_MUELA.pdf\" target=\"_blank\" rel=\"noopener\">Tese<\/a><\/strong><\/p>\n<hr \/>\n<p><strong> Aluna: Graziela dos Santos Rocha Ferreira<\/strong><br \/>\nOrientador: Prof\u00aa. Dra. Ludhmila Abrah\u00e3o Hajjar<br \/>\nData da Defesa: 13\/12\/2016<br \/>\nT\u00edtulo: \u00abBal\u00e3o de contrapulsa\u00e7\u00e3o intra-a\u00f3rtica eletivo em pacientes de alto risco submetidos a cirurgia card\u00edaca: estudo prospectivo e randomizado\u00bb <strong><a href=\"https:\/\/www.pgcardiologiausp.com.br\/wp-content\/uploads\/2024\/12\/GRAZIELA_DOS_SANTOS_R.FERREIRA.pdf\" target=\"_blank\" rel=\"noopener\">Tese<\/a><\/strong><\/p>\n<hr \/>\n<p><strong>Aluna: Giselle de Lima Peixoto<\/strong><br \/>\nOrientador: Prof. Dr. Martino Martinelli Filho<br \/>\nData da Defesa: 05\/12\/2016<br \/>\nT\u00edtulo: \u00abPacinchagas: estratifica\u00e7\u00e3o de risco em chag\u00e1sicos portadores de marca-passo definitivo\u00bb <strong><a href=\"https:\/\/www.pgcardiologiausp.com.br\/wp-content\/uploads\/2024\/12\/GISELLE_DE_LIMA_PEIXOTO.pdf\" target=\"_blank\" rel=\"noopener\">Tese<\/a><\/strong><\/p>\n<hr \/>\n<p><strong>Aluna: Denise Moreira Lima Lobo<\/strong><br \/>\nOrientador: Prof. Dr. Carlos Eduardo Negr\u00e3o<br \/>\nData da Defesa: 30\/11\/2016<br \/>\nT\u00edtulo: \u00abControle quimiorreflexo da atividade nervosa semp\u00e1tica e do fluxo sangu\u00edneo muscular em pacientes com insufici\u00eancia card\u00edaca e dist\u00farbio respirat\u00f3rio do sono\u00bb <strong><a href=\"https:\/\/www.pgcardiologiausp.com.br\/wp-content\/uploads\/2024\/12\/DENISE_MOREIRA_LIMA_LOBO.pdf\" target=\"_blank\" rel=\"noopener\">Tese<\/a><\/strong> \/ <a href=\"https:\/\/www.ncbi.nlm.nih.gov\/pubmed\/?term=sleep+disordered++breathing+exacerbates+muscle+vasoconstriction+and+sympathetic+neural+activation+in+patients+with+systolic+heart+failure\" target=\"_blank\" rel=\"noopener\">Publica\u00e7\u00e3o 1<\/a><\/p>\n<hr \/>\n<p><strong>Aluna: Eunice Vieira Cavalcante Silva<\/strong><br \/>\nOrientador: Prof. Dr. Antonio Carlos Pereira Barretto<br \/>\nData da Defesa: 28\/11\/2016<br \/>\nT\u00edtulo: \u00abUso de cateter central de inser\u00e7\u00e3o perif\u00e9rica para redu\u00e7\u00e3o da incid\u00eancia de flebite relacionada a acesso venoso durante a infus\u00e3o de inotr\u00f3pico em pacientes com insufici\u00eancia card\u00edaca descompensada: ensaio cl\u00ednico randomizado\u00bb <strong><a href=\"https:\/\/www.pgcardiologiausp.com.br\/wp-content\/uploads\/2024\/12\/EUNICE_VIEIRA_CAVALCANTE_SILVA.pdf\" target=\"_blank\" rel=\"noopener\">Tese<\/a><\/strong><\/p>\n<hr \/>\n<p><strong> Aluna: Jessyca Cristine Pavanelli<\/strong><br \/>\nOrientador: Prof. Dr. Francisco Rafael Martins Laurindo<br \/>\nData da Defesa: 25\/11\/2016<br \/>\nT\u00edtulo: \u00abModularidade g\u00eanica das fam\u00edlias da dissulfeto isomerase proteica e do inibidor da dissocia\u00e7\u00e3o de guanina: estudos computacionais, moleculares e funcionais\u00bb <strong><a href=\"https:\/\/www.pgcardiologiausp.com.br\/wp-content\/uploads\/2024\/12\/JESSYCA_PAVANELLI.pdf\" target=\"_blank\" rel=\"noopener\">Tese<\/a><\/strong><\/p>\n<hr \/>\n<p><strong>Aluna: Sh\u00e9rrira Menezes Garavelo<\/strong><br \/>\nOrientadora: Prof\u00aa Dra. Maria de Lourdes Higuchi<br \/>\nData da Defesa:21\/11\/2016<br \/>\nT\u00edtulo: \u00abEstudo experimental avaliando os efeitos de nanopart\u00edculas naturais e transialidase &#8211; componentes do PTCTS &#8211; no combate \u00e0 aterosclerose em coelhos\u00bb <strong><a href=\"https:\/\/www.pgcardiologiausp.com.br\/wp-content\/uploads\/2024\/12\/SHERRIRA_M._GARAVELO.pdf\" target=\"_blank\" rel=\"noopener\">Tese<\/a><\/strong><\/p>\n<hr \/>\n<p><strong>Aluna: Tania Marie Ogawa<\/strong><br \/>\nOrientadora: Dra. Jaqueline Ribeiro Scholz<br \/>\nData da Defesa: 27\/10\/2016<br \/>\nT\u00edtulo: \u00abInterna\u00e7\u00e3o e mortalidade por doen\u00e7a cardiovascular e cerebrovascular no per\u00edodo anterior e posterior \u00e0 lei antitabaco na cidade de S\u00e3o Paulo\u00bb <strong><a href=\"https:\/\/www.pgcardiologiausp.com.br\/wp-content\/uploads\/2024\/12\/TANIA_MARIE_OGAWA_ABE.pdf\" target=\"_blank\" rel=\"noopener\">Tese<\/a><\/strong> \/ <a href=\"https:\/\/www.ncbi.nlm.nih.gov\/pubmed\/27794066\" target=\"_blank\" rel=\"noopener\">Publica\u00e7\u00e3o 1<\/a><\/p>\n<hr \/>\n<p><strong>Aluno: Leonardo Celeste Mangili<\/strong><br \/>\nOrientador: Prof.Dr. Raul Dias dos Santos Filho<br \/>\nData da Defesa: 27\/09\/2016<br \/>\nT\u00edtulo: \u00abAvalia\u00e7\u00e3o da associa\u00e7\u00e3o da gordura peric\u00e1rdica medida pela tomografia computadorizada com a presen\u00e7a de aterosclerose coron\u00e1ria subcl\u00ednica em pacientes com hipercolesterolemia familiar\u00bb <strong><a href=\"https:\/\/www.pgcardiologiausp.com.br\/wp-content\/uploads\/2024\/12\/LEONARDO_CELESTE_MANGILI.pdf\" target=\"_blank\" rel=\"noopener\">Tese<\/a><\/strong><\/p>\n<hr \/>\n<p><strong>Aluno: Emanoel Gledston Dantas Licari\u00e3o<\/strong><br \/>\nOrientador: Prof.Dr. Martino Martinelli Filho<br \/>\nData da Defesa: 16\/09\/2016<br \/>\nT\u00edtulo: \u00abEfeito do treinamento f\u00edsico em portadores de marcapasso definitivo\u00bb <strong><a href=\"https:\/\/www.pgcardiologiausp.com.br\/wp-content\/uploads\/2024\/12\/EMANOEL_GLEDESTON_DANTAS_LICARIAO.pdf\" target=\"_blank\" rel=\"noopener\">Tese<\/a><\/strong><\/p>\n<hr \/>\n<p><strong> Aluna: Sheila Cristina Monteiro Paiva Freitas<\/strong><br \/>\nOrientador: Prof.Dr. Raul Cavalcante Maranh\u00e3o<br \/>\nData da Defesa: 18\/08\/2016<br \/>\nT\u00edtulo: \u00abVeicula\u00e7\u00e3o do quimioter\u00e1pico paclitaxel em nanoemuls\u00f5es lip\u00eddicas no tratamento da aterosclerose experimental: import\u00e2ncia do tamanho das part\u00edculas da anoemuls\u00e3o\u00bb <strong><a href=\"https:\/\/www.pgcardiologiausp.com.br\/wp-content\/uploads\/2024\/12\/SHEILA_CRISTINA_M._PAIVA_FREITAS.pdf\" target=\"_blank\" rel=\"noopener\">Tese<\/a><\/strong><\/p>\n<hr \/>\n<p><strong> Aluna: Tathiane Barbosa Guimar\u00e3es<\/strong><br \/>\nOrientador: Prof.Dr. Martino Martinelli Filho<br \/>\nData da Defesa: 08\/08\/2016<br \/>\nT\u00edtulo: \u00abPerfil psicossocial de portadores de CDI: COMFORT-CDI\u00bb <strong><a href=\"https:\/\/www.pgcardiologiausp.com.br\/wp-content\/uploads\/2024\/12\/TATHIANE_BARBOSA_GUIMARAES.pdf\" target=\"_blank\" rel=\"noopener\">Tese<\/a><\/strong><\/p>\n<hr \/>\n<p><strong> Aluna: Ana Elisa Te\u00f3filo Saturi de Carvalho<\/strong><br \/>\nOrientador: Prof.Dr. Jose Eduardo Krieger<br \/>\nData da Defesa: 05\/08\/2016<br \/>\nT\u00edtulo: \u00abMetabolismo energ\u00e9tico mitocondrial e cardiomiog\u00eanese para regenera\u00e7\u00e3o card\u00edaca\u00bb <strong><a href=\"https:\/\/www.pgcardiologiausp.com.br\/wp-content\/uploads\/2024\/12\/ANA_ELISA_TEOFILO_SATURI_DE_CARVALHO-_arquivo_reduzido.pdf\" target=\"_blank\" rel=\"noopener\">Tese<\/a><\/strong><\/p>\n<hr \/>\n<p><strong>Aluna: Ana Luiza Carrari Sayegh<\/strong><br \/>\nOrientador: Prof.Dr. Charles Mady<br \/>\nData da Defesa: 03\/08\/2016<br \/>\nT\u00edtulo: \u00abA reabilita\u00e7\u00e3o cardiovascular em pacientes com endomiocardiofibrose em insufici\u00eancia card\u00edaca classes funcionais II e III\u00bb <strong><a href=\"https:\/\/www.pgcardiologiausp.com.br\/wp-content\/uploads\/2024\/12\/ANA_LUIZA_CARRARI_SAYEGHT.pdf\" target=\"_blank\" rel=\"noopener\">Tese<\/a><\/strong><\/p>\n<hr \/>\n<p><strong>Aluno: Vagner Oliveira Carvalho Rigaud<\/strong><br \/>\nOrientador: Prof.Dr. Edimar Alcides Bocchi<br \/>\nData da Defesa: 08\/07\/2016<br \/>\nT\u00edtulo: \u00abEstudo dos n\u00edveis plasm\u00e1ticos de miR-208a na cardiotoxicidade de pacientes submetidos \u00e0 quimioterapia com antraciclina\u00bb. <strong><a href=\"https:\/\/www.pgcardiologiausp.com.br\/wp-content\/uploads\/2024\/12\/VAGNER__OLIVEIRA_VARVALHO_RIGAUD.pdf\" target=\"_blank\" rel=\"noopener\">Tese<\/a><\/strong><\/p>\n<hr \/>\n<p><strong>Aluna: Aline Cristina Tavares<\/strong><br \/>\nOrientador: Dr. Guilherme Veiga Guimar\u00e3es<br \/>\nData da Defesa: 09\/06\/2016<br \/>\nT\u00edtulo: \u00abFun\u00e7\u00e3o Endotelial em crian\u00e7as pr\u00e9-p\u00faberes com cardiomiopatia dilatada idiop\u00e1tica, insufici\u00eancia card\u00edaca com fra\u00e7\u00e3o de eje\u00e7\u00e3o de ventr\u00edculo esquerdo preservada e saud\u00e1veis\u00bb. <strong><a href=\"https:\/\/www.pgcardiologiausp.com.br\/wp-content\/uploads\/2024\/12\/ALINE_CRISTINA_TAVARES.pdf\" target=\"_blank\" rel=\"noopener\">Tese<\/a><\/strong> \/ <a href=\"https:\/\/www.ncbi.nlm.nih.gov\/pubmed\/27168472\" target=\"_blank\" rel=\"noopener\">Publica\u00e7\u00e3o 1<\/a><\/p>\n<hr \/>\n<p><strong>Aluno: Marcelo Franken<\/strong><br \/>\nOrientador: Prof. Dr. Jos\u00e9 Carlos Nicolau<br \/>\nData da Defesa: 17\/05\/2016<br \/>\nT\u00edtulo: \u00abAvalia\u00e7\u00e3o das vari\u00e1veis de desempenho no tratamento das s\u00edndromes isqu\u00eamicas mioc\u00e1rdicas inst\u00e1veis no Brasil: an\u00e1lise do registro BRACE (Brazilian Registry in Acute Coronary Syndromes)\u00bb. <strong><a href=\"https:\/\/www.pgcardiologiausp.com.br\/wp-content\/uploads\/2024\/12\/MARCELO_FRANKEN.pdf\" target=\"_blank\" rel=\"noopener\">Tese<\/a> <\/strong><\/p>\n<hr \/>\n<p><strong> Aluna: Maria Tereza Fernandes Abrah\u00e3o<\/strong><br \/>\nOrientador: Dr. Marco Antonio Gutierrez<br \/>\nData da Defesa: 10\/05\/2016<br \/>\nT\u00edtulo: \u00abM\u00e9todo de extra\u00e7\u00e3o de coortes em bases de dados assistenciais para estudos da doen\u00e7a cardiovascular\u00bb. <strong><a href=\"https:\/\/www.pgcardiologiausp.com.br\/wp-content\/uploads\/2024\/12\/MARIA_TEREZA_FERNANDES_ABRAHAO.pdf\" target=\"_blank\" rel=\"noopener\">Tese<\/a><\/strong><\/p>\n<hr \/>\n<p><strong>Aluno: Jefferson Luis Vieira<\/strong><br \/>\nOrientador: Prof.Dr. Edimar Alcides Bocchi<br \/>\nData da Defesa: 27\/04\/2016<br \/>\nT\u00edtulo: \u00abFiltro respirat\u00f3rio reduz efeitos cardiovasculares associados \u00e0 polui\u00e7\u00e3o: estudo randomizado, duplo-cego, controlado e cruzado em pacientes com insufici\u00eancia card\u00edaca (FILTER-HF trial)\u00bb. <strong><a href=\"https:\/\/www.pgcardiologiausp.com.br\/wp-content\/uploads\/2024\/12\/JEFFERSON_LUIS_VIEIRA.pdf\" target=\"_blank\" rel=\"noopener\">Tese<\/a><\/strong> \/ <a href=\"http:\/\/www.ncbi.nlm.nih.gov\/pubmed\/26738952\" target=\"_blank\" rel=\"noopener\">Publica\u00e7\u00e3o<\/a><\/p>\n<hr \/>\n<p><strong> Aluno: Humberto Graner Moreira<\/strong><br \/>\nOrientador: Prof.Dr. Jos\u00e9 Carlos Nicolau<br \/>\nData da Defesa: 26\/04\/2016<br \/>\nT\u00edtulo: \u00abAtividades Nervosa Simp\u00e1tica em Pacientes com S\u00edndromes Isqu\u00eamicas Mioc\u00e1rdicas Inst\u00e1veis: Estudo Comparativo com Marcadores Inflamat\u00f3rios\u00bb. <strong><a href=\"https:\/\/www.pgcardiologiausp.com.br\/wp-content\/uploads\/2024\/12\/H_G_MOREIRA_-_Tese_de_Doutorado_2016.pdf\" target=\"_blank\" rel=\"noopener\">Tese<\/a><\/strong><\/p>\n<hr \/>\n<p><strong> Aluna: Isabel Barbara Lopes dos Santos Figueira<\/strong><br \/>\nOrientadora: Dra. Carmen Guilherme Christiano de Matos Vinagre<br \/>\nData da Defesa: 31\/03\/2016<br \/>\nT\u00edtulo: \u00abEfeitos da vitamina E associada a nanopart\u00edculas lip\u00eddicas no remodelamento card\u00edaco, em ratos infartados\u00bb. <strong><a href=\"https:\/\/www.pgcardiologiausp.com.br\/wp-content\/uploads\/2024\/12\/ISABEL_BARBARA_LOPES_DOS_SANTOS_FIGUEIRA.pdf\" target=\"_blank\" rel=\"noopener\">Tese<\/a><\/strong><\/p>\n<hr \/>\n<p><strong> Aluno: Rafael de Oliveira Alvim<\/strong><br \/>\nOrientador: Prof. Dr. Alexandre da Costa Pereira<br \/>\nData da Defesa: 28\/03\/2016<br \/>\nT\u00edtulo: \u00abHerdabilidade da velocidade de onda de pulso e associa\u00e7\u00e3o do conrole glic\u00eamico e perfil lip\u00eddico com a rigidez arterial em uma popula\u00e7\u00e3o brasileira: projeto Cora\u00e7\u00f5es de Baependi\u00bb. <strong><a href=\"https:\/\/www.pgcardiologiausp.com.br\/wp-content\/uploads\/2024\/12\/RAFAEL_DE_OLIVEIRA_ALVIM.pdf\" target=\"_blank\" rel=\"noopener\">Tese<\/a><\/strong> \/ <a href=\"https:\/\/www.ncbi.nlm.nih.gov\/pubmed\/26445602\" target=\"_blank\" rel=\"noopener\">Publica\u00e7\u00e3o 1<\/a><\/p>\n<hr \/>\n<p><strong>Aluno: Antonio Gabriele Laurinavicius<\/strong><br \/>\nOrientador: Prof. Dr. Raul Dias dos Santos Filho<br \/>\nData da Defesa: 28\/03\/2016<br \/>\nT\u00edtulo: \u00abAvalia\u00e7\u00e3o da aterosclerose subcl\u00ednica em portadores de HDL-colesterol marcadamente elevado\u00bb. <strong><a href=\"https:\/\/www.pgcardiologiausp.com.br\/wp-content\/uploads\/2024\/12\/ANTONIO_GABRIELE_LAURINAVICIUS.pdf\" target=\"_blank\" rel=\"noopener\">Tese<\/a><\/strong><\/p>\n<hr \/>\n<p><strong> Aluna: Fernanda Reis de Azevedo<\/strong><br \/>\nOrientador: Prof. Dr. Bruno Caramelli<br \/>\nData da Defesa: 15\/03\/2016<br \/>\nT\u00edtulo: \u00abEfeito da cirurgia bari\u00e1trica sobre par\u00e2metros cl\u00ednicos, laboratoriais e fatores de risco cardiovascular\u00bb. <strong><a href=\"https:\/\/www.pgcardiologiausp.com.br\/wp-content\/uploads\/2024\/12\/FERNANDA_REIS_DE_AZEVEDO_RABELLO.pdf\" target=\"_blank\" rel=\"noopener\">Tese<\/a> <\/strong><\/p>\n<hr \/>\n<p><strong>Aluno: Rodrigo Morel Vieira de Melo<\/strong><br \/>\nOrientador: Prof. Dr. Whady Armindo Hueb<br \/>\nData da Defesa: 25\/02\/2016<br \/>\nT\u00edtulo: \u00abLibera\u00e7\u00e3o de biomarcadores de necrose mioc\u00e1rdica ap\u00f3s angioplastia coron\u00e1ria percunt\u00e2nea em aus\u00eancia de infarto do mioc\u00e1rdio manifesto: estudo com resson\u00e2ncia nuclear magn\u00e9tica\u00bb. <strong><a href=\"https:\/\/www.pgcardiologiausp.com.br\/wp-content\/uploads\/2024\/12\/RODRIGO_MOREL_VIEIRA_DE_MELO.pdf\" target=\"_blank\" rel=\"noopener\">Tese<\/a><\/strong><\/p>\n<hr \/>\n<p><strong>Aluna: Michelle Sartori<\/strong><br \/>\nOrientador: Profa. Dra. Maria Claudia Costa Irigoyen<br \/>\nData da Defesa: 04\/02\/2016<br \/>\nT\u00edtulo: \u00abMecanismos associados ao desenvolvimento das complica\u00e7\u00f5es do diabetes tipo 2 em camundongos f\u00eameas ob\/ob: papel preventivo do treinamento f\u00edsico din\u00e2mico aer\u00f3bico, risistido ou combinado\u00bb. <strong><a href=\"https:\/\/www.pgcardiologiausp.com.br\/wp-content\/uploads\/2024\/12\/MICHELLE_SARTORI.pdf\" target=\"_blank\" rel=\"noopener\">Tese<\/a> <\/strong><\/p>\n<hr \/>\n<p><strong>Aluno: Miguel Morita Fernandes da Silva<\/strong><br \/>\nOrientador: Prof. Dr. Fernando Bacal<br \/>\nData da Defesa: 29\/01\/2016<br \/>\nT\u00edtulo: \u00abMarcadores gen\u00e9ticos e inflamat\u00f3rios na insufici\u00eancia card\u00edaca: o impacto do exerc\u00edcio f\u00edsico\u00bb. <strong><a href=\"https:\/\/www.pgcardiologiausp.com.br\/wp-content\/uploads\/2024\/12\/MIGUEL_MORITA_FERNANDES_DA_SILVA.pdf\" target=\"_blank\" rel=\"noopener\">Tese<\/a><\/strong><\/p>\n","protected":false},"excerpt":{"rendered":"<p>Disculpa, pero esta entrada est\u00e1 disponible s\u00f3lo en Portugu\u00eas. 2016 Aluno: Carlos Henrique Gomes Uch\u00f4a Orientador: Prof. Dr. Luciano Ferreira Drager Data da Defesa: 19\/12\/2016 T\u00edtulo:<span class=\"excerpt-hellip\"> [\u2026]<\/span><\/p>\n","protected":false},"author":1,"featured_media":112,"parent":155,"menu_order":0,"comment_status":"closed","ping_status":"closed","template":"","meta":{"footnotes":""},"class_list":["post-952","page","type-page","status-publish","has-post-thumbnail","hentry"],"yoast_head":"<!-- This site is optimized with the Yoast SEO plugin v25.8 - https:\/\/yoast.com\/wordpress\/plugins\/seo\/ -->\n<title>Postgrados y Tesis 2016 - P\u00f3s-Gradua\u00e7\u00e3o em Cardiologia FMUSP<\/title>\n<meta name=\"robots\" content=\"index, follow, max-snippet:-1, max-image-preview:large, max-video-preview:-1\" \/>\n<link rel=\"canonical\" href=\"https:\/\/www.pgcardiologiausp.com.br\/o-programa\/egressos\/egressos-e-teses-2016\/\" \/>\n<meta property=\"og:locale\" content=\"es_ES\" \/>\n<meta property=\"og:type\" content=\"article\" \/>\n<meta property=\"og:title\" content=\"Postgrados y Tesis 2016 - P\u00f3s-Gradua\u00e7\u00e3o em Cardiologia FMUSP\" \/>\n<meta property=\"og:description\" content=\"Disculpa, pero esta entrada est\u00e1 disponible s\u00f3lo en Portugu\u00eas. 2016 Aluno: Carlos Henrique Gomes Uch\u00f4a Orientador: Prof. Dr. Luciano Ferreira Drager Data da Defesa: 19\/12\/2016 T\u00edtulo: [\u2026]\" \/>\n<meta property=\"og:url\" content=\"https:\/\/www.pgcardiologiausp.com.br\/o-programa\/egressos\/egressos-e-teses-2016\/\" \/>\n<meta property=\"og:site_name\" content=\"P\u00f3s-Gradua\u00e7\u00e3o em Cardiologia FMUSP\" \/>\n<meta property=\"article:modified_time\" content=\"2024-12-29T03:24:38+00:00\" \/>\n<meta property=\"og:image\" content=\"https:\/\/www.pgcardiologiausp.com.br\/wp-content\/uploads\/2024\/12\/bgheader_pgcardio_v1.2.jpg\" \/>\n\t<meta property=\"og:image:width\" content=\"1920\" \/>\n\t<meta property=\"og:image:height\" content=\"800\" \/>\n\t<meta property=\"og:image:type\" content=\"image\/jpeg\" \/>\n<meta name=\"twitter:card\" content=\"summary_large_image\" \/>\n<script type=\"application\/ld+json\" class=\"yoast-schema-graph\">{\"@context\":\"https:\/\/schema.org\",\"@graph\":[{\"@type\":\"WebPage\",\"@id\":\"https:\/\/www.pgcardiologiausp.com.br\/o-programa\/egressos\/egressos-e-teses-2016\/\",\"url\":\"https:\/\/www.pgcardiologiausp.com.br\/o-programa\/egressos\/egressos-e-teses-2016\/\",\"name\":\"Postgrados y Tesis 2016 - P\u00f3s-Gradua\u00e7\u00e3o em Cardiologia FMUSP\",\"isPartOf\":{\"@id\":\"https:\/\/www.pgcardiologiausp.com.br\/#website\"},\"primaryImageOfPage\":{\"@id\":\"https:\/\/www.pgcardiologiausp.com.br\/o-programa\/egressos\/egressos-e-teses-2016\/#primaryimage\"},\"image\":{\"@id\":\"https:\/\/www.pgcardiologiausp.com.br\/o-programa\/egressos\/egressos-e-teses-2016\/#primaryimage\"},\"thumbnailUrl\":\"https:\/\/www.pgcardiologiausp.com.br\/wp-content\/uploads\/2024\/12\/bgheader_pgcardio_v1.2.jpg\",\"datePublished\":\"2024-12-23T00:21:14+00:00\",\"dateModified\":\"2024-12-29T03:24:38+00:00\",\"breadcrumb\":{\"@id\":\"https:\/\/www.pgcardiologiausp.com.br\/o-programa\/egressos\/egressos-e-teses-2016\/#breadcrumb\"},\"inLanguage\":\"es\",\"potentialAction\":[{\"@type\":\"ReadAction\",\"target\":[\"https:\/\/www.pgcardiologiausp.com.br\/o-programa\/egressos\/egressos-e-teses-2016\/\"]}]},{\"@type\":\"ImageObject\",\"inLanguage\":\"es\",\"@id\":\"https:\/\/www.pgcardiologiausp.com.br\/o-programa\/egressos\/egressos-e-teses-2016\/#primaryimage\",\"url\":\"https:\/\/www.pgcardiologiausp.com.br\/wp-content\/uploads\/2024\/12\/bgheader_pgcardio_v1.2.jpg\",\"contentUrl\":\"https:\/\/www.pgcardiologiausp.com.br\/wp-content\/uploads\/2024\/12\/bgheader_pgcardio_v1.2.jpg\",\"width\":1920,\"height\":800},{\"@type\":\"BreadcrumbList\",\"@id\":\"https:\/\/www.pgcardiologiausp.com.br\/o-programa\/egressos\/egressos-e-teses-2016\/#breadcrumb\",\"itemListElement\":[{\"@type\":\"ListItem\",\"position\":1,\"name\":\"Home\",\"item\":\"https:\/\/www.pgcardiologiausp.com.br\/\"},{\"@type\":\"ListItem\",\"position\":2,\"name\":\"O Programa\",\"item\":\"https:\/\/www.pgcardiologiausp.com.br\/o-programa\/\"},{\"@type\":\"ListItem\",\"position\":3,\"name\":\"Egressos e teses\",\"item\":\"https:\/\/www.pgcardiologiausp.com.br\/o-programa\/egressos\/\"},{\"@type\":\"ListItem\",\"position\":4,\"name\":\"Egressos e Teses 2016\"}]},{\"@type\":\"WebSite\",\"@id\":\"https:\/\/www.pgcardiologiausp.com.br\/#website\",\"url\":\"https:\/\/www.pgcardiologiausp.com.br\/\",\"name\":\"P\u00f3s-Gradua\u00e7\u00e3o em Cardiologia FMUSP\",\"description\":\"\",\"publisher\":{\"@id\":\"https:\/\/www.pgcardiologiausp.com.br\/#organization\"},\"potentialAction\":[{\"@type\":\"SearchAction\",\"target\":{\"@type\":\"EntryPoint\",\"urlTemplate\":\"https:\/\/www.pgcardiologiausp.com.br\/?s={search_term_string}\"},\"query-input\":{\"@type\":\"PropertyValueSpecification\",\"valueRequired\":true,\"valueName\":\"search_term_string\"}}],\"inLanguage\":\"es\"},{\"@type\":\"Organization\",\"@id\":\"https:\/\/www.pgcardiologiausp.com.br\/#organization\",\"name\":\"P\u00f3s-Gradua\u00e7\u00e3o em Cardiologia FMUSP\",\"url\":\"https:\/\/www.pgcardiologiausp.com.br\/\",\"logo\":{\"@type\":\"ImageObject\",\"inLanguage\":\"es\",\"@id\":\"https:\/\/www.pgcardiologiausp.com.br\/#\/schema\/logo\/image\/\",\"url\":\"https:\/\/www.pgcardiologiausp.com.br\/wp-content\/uploads\/2024\/12\/pg_cardio_usp-logo-v1-clearbg-500x341-1.png\",\"contentUrl\":\"https:\/\/www.pgcardiologiausp.com.br\/wp-content\/uploads\/2024\/12\/pg_cardio_usp-logo-v1-clearbg-500x341-1.png\",\"width\":500,\"height\":177,\"caption\":\"P\u00f3s-Gradua\u00e7\u00e3o em Cardiologia FMUSP\"},\"image\":{\"@id\":\"https:\/\/www.pgcardiologiausp.com.br\/#\/schema\/logo\/image\/\"}}]}<\/script>\n<!-- \/ Yoast SEO plugin. -->","yoast_head_json":{"title":"Postgrados y Tesis 2016 - P\u00f3s-Gradua\u00e7\u00e3o em Cardiologia FMUSP","robots":{"index":"index","follow":"follow","max-snippet":"max-snippet:-1","max-image-preview":"max-image-preview:large","max-video-preview":"max-video-preview:-1"},"canonical":"https:\/\/www.pgcardiologiausp.com.br\/o-programa\/egressos\/egressos-e-teses-2016\/","og_locale":"es_ES","og_type":"article","og_title":"Postgrados y Tesis 2016 - P\u00f3s-Gradua\u00e7\u00e3o em Cardiologia FMUSP","og_description":"Disculpa, pero esta entrada est\u00e1 disponible s\u00f3lo en Portugu\u00eas. 2016 Aluno: Carlos Henrique Gomes Uch\u00f4a Orientador: Prof. Dr. Luciano Ferreira Drager Data da Defesa: 19\/12\/2016 T\u00edtulo: [\u2026]","og_url":"https:\/\/www.pgcardiologiausp.com.br\/o-programa\/egressos\/egressos-e-teses-2016\/","og_site_name":"P\u00f3s-Gradua\u00e7\u00e3o em Cardiologia FMUSP","article_modified_time":"2024-12-29T03:24:38+00:00","og_image":[{"width":1920,"height":800,"url":"https:\/\/www.pgcardiologiausp.com.br\/wp-content\/uploads\/2024\/12\/bgheader_pgcardio_v1.2.jpg","type":"image\/jpeg"}],"twitter_card":"summary_large_image","schema":{"@context":"https:\/\/schema.org","@graph":[{"@type":"WebPage","@id":"https:\/\/www.pgcardiologiausp.com.br\/o-programa\/egressos\/egressos-e-teses-2016\/","url":"https:\/\/www.pgcardiologiausp.com.br\/o-programa\/egressos\/egressos-e-teses-2016\/","name":"Postgrados y Tesis 2016 - P\u00f3s-Gradua\u00e7\u00e3o em Cardiologia FMUSP","isPartOf":{"@id":"https:\/\/www.pgcardiologiausp.com.br\/#website"},"primaryImageOfPage":{"@id":"https:\/\/www.pgcardiologiausp.com.br\/o-programa\/egressos\/egressos-e-teses-2016\/#primaryimage"},"image":{"@id":"https:\/\/www.pgcardiologiausp.com.br\/o-programa\/egressos\/egressos-e-teses-2016\/#primaryimage"},"thumbnailUrl":"https:\/\/www.pgcardiologiausp.com.br\/wp-content\/uploads\/2024\/12\/bgheader_pgcardio_v1.2.jpg","datePublished":"2024-12-23T00:21:14+00:00","dateModified":"2024-12-29T03:24:38+00:00","breadcrumb":{"@id":"https:\/\/www.pgcardiologiausp.com.br\/o-programa\/egressos\/egressos-e-teses-2016\/#breadcrumb"},"inLanguage":"es","potentialAction":[{"@type":"ReadAction","target":["https:\/\/www.pgcardiologiausp.com.br\/o-programa\/egressos\/egressos-e-teses-2016\/"]}]},{"@type":"ImageObject","inLanguage":"es","@id":"https:\/\/www.pgcardiologiausp.com.br\/o-programa\/egressos\/egressos-e-teses-2016\/#primaryimage","url":"https:\/\/www.pgcardiologiausp.com.br\/wp-content\/uploads\/2024\/12\/bgheader_pgcardio_v1.2.jpg","contentUrl":"https:\/\/www.pgcardiologiausp.com.br\/wp-content\/uploads\/2024\/12\/bgheader_pgcardio_v1.2.jpg","width":1920,"height":800},{"@type":"BreadcrumbList","@id":"https:\/\/www.pgcardiologiausp.com.br\/o-programa\/egressos\/egressos-e-teses-2016\/#breadcrumb","itemListElement":[{"@type":"ListItem","position":1,"name":"Home","item":"https:\/\/www.pgcardiologiausp.com.br\/"},{"@type":"ListItem","position":2,"name":"O Programa","item":"https:\/\/www.pgcardiologiausp.com.br\/o-programa\/"},{"@type":"ListItem","position":3,"name":"Egressos e teses","item":"https:\/\/www.pgcardiologiausp.com.br\/o-programa\/egressos\/"},{"@type":"ListItem","position":4,"name":"Egressos e Teses 2016"}]},{"@type":"WebSite","@id":"https:\/\/www.pgcardiologiausp.com.br\/#website","url":"https:\/\/www.pgcardiologiausp.com.br\/","name":"P\u00f3s-Gradua\u00e7\u00e3o em Cardiologia FMUSP","description":"","publisher":{"@id":"https:\/\/www.pgcardiologiausp.com.br\/#organization"},"potentialAction":[{"@type":"SearchAction","target":{"@type":"EntryPoint","urlTemplate":"https:\/\/www.pgcardiologiausp.com.br\/?s={search_term_string}"},"query-input":{"@type":"PropertyValueSpecification","valueRequired":true,"valueName":"search_term_string"}}],"inLanguage":"es"},{"@type":"Organization","@id":"https:\/\/www.pgcardiologiausp.com.br\/#organization","name":"P\u00f3s-Gradua\u00e7\u00e3o em Cardiologia FMUSP","url":"https:\/\/www.pgcardiologiausp.com.br\/","logo":{"@type":"ImageObject","inLanguage":"es","@id":"https:\/\/www.pgcardiologiausp.com.br\/#\/schema\/logo\/image\/","url":"https:\/\/www.pgcardiologiausp.com.br\/wp-content\/uploads\/2024\/12\/pg_cardio_usp-logo-v1-clearbg-500x341-1.png","contentUrl":"https:\/\/www.pgcardiologiausp.com.br\/wp-content\/uploads\/2024\/12\/pg_cardio_usp-logo-v1-clearbg-500x341-1.png","width":500,"height":177,"caption":"P\u00f3s-Gradua\u00e7\u00e3o em Cardiologia FMUSP"},"image":{"@id":"https:\/\/www.pgcardiologiausp.com.br\/#\/schema\/logo\/image\/"}}]}},"_links":{"self":[{"href":"https:\/\/www.pgcardiologiausp.com.br\/es\/wp-json\/wp\/v2\/pages\/952","targetHints":{"allow":["GET"]}}],"collection":[{"href":"https:\/\/www.pgcardiologiausp.com.br\/es\/wp-json\/wp\/v2\/pages"}],"about":[{"href":"https:\/\/www.pgcardiologiausp.com.br\/es\/wp-json\/wp\/v2\/types\/page"}],"author":[{"embeddable":true,"href":"https:\/\/www.pgcardiologiausp.com.br\/es\/wp-json\/wp\/v2\/users\/1"}],"replies":[{"embeddable":true,"href":"https:\/\/www.pgcardiologiausp.com.br\/es\/wp-json\/wp\/v2\/comments?post=952"}],"version-history":[{"count":5,"href":"https:\/\/www.pgcardiologiausp.com.br\/es\/wp-json\/wp\/v2\/pages\/952\/revisions"}],"predecessor-version":[{"id":1415,"href":"https:\/\/www.pgcardiologiausp.com.br\/es\/wp-json\/wp\/v2\/pages\/952\/revisions\/1415"}],"up":[{"embeddable":true,"href":"https:\/\/www.pgcardiologiausp.com.br\/es\/wp-json\/wp\/v2\/pages\/155"}],"wp:featuredmedia":[{"embeddable":true,"href":"https:\/\/www.pgcardiologiausp.com.br\/es\/wp-json\/wp\/v2\/media\/112"}],"wp:attachment":[{"href":"https:\/\/www.pgcardiologiausp.com.br\/es\/wp-json\/wp\/v2\/media?parent=952"}],"curies":[{"name":"wp","href":"https:\/\/api.w.org\/{rel}","templated":true}]}}